{"id":27720,"date":"2017-02-01T16:06:13","date_gmt":"2017-02-01T14:06:13","guid":{"rendered":"https:\/\/www.proman.at\/products\/proman-address-management-centralized-contact-management-for-your-projects\/"},"modified":"2017-02-01T16:06:13","modified_gmt":"2017-02-01T14:06:13","slug":"proman-address-management-centralized-contact-management-for-your-projects","status":"publish","type":"page","link":"https:\/\/www.proman.at\/sk\/products\/proman-address-management-centralized-contact-management-for-your-projects\/","title":{"rendered":"Spr\u00e1va adries PROMAN \u2013 Udr\u017eujte v\u0161etky kontakty centralizovan\u00e9 a usporiadan\u00e9"},"content":{"rendered":"<p>Spr\u00e1va adries PROMAN v\u00e1m poskytuje \u00fapln\u00fd preh\u013ead o v\u0161etk\u00fdch va\u0161ich kontaktoch a umo\u017e\u0148uje ich r\u00fdchlo priradi\u0165 k va\u0161im projektom. \u010ci u\u017e ide o lok\u00e1lne rie\u0161enie, alebo centr\u00e1lnu spr\u00e1vu v\u0161etk\u00fdch adries pre cel\u00fa firmu \u2013 spr\u00e1va adries PROMAN v\u00e1s podporuje aj nad r\u00e1mec odosielania va\u0161ej z\u00e1pisnice.<\/p>\n<p class=\"clearfix\"><a href=\"https:\/\/www.proman.at\/wp-content\/uploads\/2017\/02\/Adressverwaltung_1_web.png\"><noscript><img decoding=\"async\" class=\"alignleft size-medium wp-image-337\" src=\"https:\/\/www.proman.at\/wp-content\/uploads\/2017\/02\/Adressverwaltung_1_web-300x150.png\" alt=\"Address management\" width=\"300\" height=\"150\" srcset=\"https:\/\/www.proman.at\/wp-content\/uploads\/2017\/02\/Adressverwaltung_1_web-300x150.png 300w, https:\/\/www.proman.at\/wp-content\/uploads\/2017\/02\/Adressverwaltung_1_web-150x75.png 150w, https:\/\/www.proman.at\/wp-content\/uploads\/2017\/02\/Adressverwaltung_1_web-768x383.png 768w, https:\/\/www.proman.at\/wp-content\/uploads\/2017\/02\/Adressverwaltung_1_web-1024x511.png 1024w, https:\/\/www.proman.at\/wp-content\/uploads\/2017\/02\/Adressverwaltung_1_web.png 1188w\" sizes=\"(max-width: 300px) 100vw, 300px\"><\/noscript><img decoding=\"async\" class=\"alignleft size-medium wp-image-337 lazyload\" src=\"data:image\/svg+xml,%3Csvg%20xmlns%3D%22http%3A%2F%2Fwww.w3.org%2F2000%2Fsvg%22%20viewBox%3D%220%200%20300%20150%22%3E%3C%2Fsvg%3E\" alt=\"Address management\" width=\"300\" height=\"150\" srcset=\"data:image\/svg+xml,%3Csvg%20xmlns%3D%22http%3A%2F%2Fwww.w3.org%2F2000%2Fsvg%22%20viewBox%3D%220%200%20300%20150%22%3E%3C%2Fsvg%3E 300w\" sizes=\"(max-width: 300px) 100vw, 300px\" data-srcset=\"https:\/\/www.proman.at\/wp-content\/uploads\/2017\/02\/Adressverwaltung_1_web-300x150.png 300w, https:\/\/www.proman.at\/wp-content\/uploads\/2017\/02\/Adressverwaltung_1_web-150x75.png 150w, https:\/\/www.proman.at\/wp-content\/uploads\/2017\/02\/Adressverwaltung_1_web-768x383.png 768w, https:\/\/www.proman.at\/wp-content\/uploads\/2017\/02\/Adressverwaltung_1_web-1024x511.png 1024w, https:\/\/www.proman.at\/wp-content\/uploads\/2017\/02\/Adressverwaltung_1_web.png 1188w\" data-src=\"https:\/\/www.proman.at\/wp-content\/uploads\/2017\/02\/Adressverwaltung_1_web-300x150.png\"><\/a><br>\nAplik\u00e1cia v\u010faka svojim mnoh\u00fdm funkci\u00e1m umo\u017e\u0148uje nielen spr\u00e1vu adries relevantn\u00fdch pre va\u0161u z\u00e1pisnicu, ale poskytuje aj platformu pre v\u0161etky kancel\u00e1rske a projektov\u00e9 aktivity s\u00favisiace s adresn\u00fdmi z\u00e1znamami.<\/p>\n<p>Spr\u00e1vu adries PROMAN mo\u017eno pou\u017ei\u0165 na spr\u00e1vu, v\u00fdber, hodnotenie alebo poskytovanie v\u0161etk\u00fdch adresn\u00fdch inform\u00e1ci\u00ed na export do in\u00fdch aplik\u00e1ci\u00ed a programov, ako Excel, PDF alebo Outlook.<br>\nMo\u017eno ju synchronizova\u0165 s:<\/p>\n<ul class=\"with-bullets\">\n<li>Excel (import a export)<\/li>\n<li>Outlook (import)<\/li>\n<li>Access (import)<\/li>\n<li>SQL (import)<\/li>\n<li>PDF (export)<\/li>\n<\/ul>\n","protected":false},"excerpt":{"rendered":"<p>Spr\u00e1va adries PROMAN v\u00e1m poskytuje \u00fapln\u00fd preh\u013ead o v\u0161etk\u00fdch va\u0161ich kontaktoch a umo\u017e\u0148uje ich r\u00fdchlo priradi\u0165 k va\u0161im projektom. \u010ci u\u017e ide o lok\u00e1lne rie\u0161enie, alebo centr\u00e1lnu spr\u00e1vu v\u0161etk\u00fdch adries pre cel\u00fa firmu \u2013 spr\u00e1va adries PROMAN v\u00e1s podporuje aj nad r\u00e1mec odosielania va\u0161ej z\u00e1pisnice. Aplik\u00e1cia v\u010faka svojim mnoh\u00fdm funkci\u00e1m umo\u017e\u0148uje nielen spr\u00e1vu adries relevantn\u00fdch<\/p>\n","protected":false},"author":2,"featured_media":0,"parent":27594,"menu_order":0,"comment_status":"closed","ping_status":"closed","template":"","meta":{"_acf_changed":false,"footnotes":""},"class_list":["post-27720","page","type-page","status-publish","hentry"],"acf":[],"yoast_head":"<!-- This site is optimized with the Yoast SEO Premium plugin v28.3 (Yoast SEO v28.3) - https:\/\/yoast.com\/product\/yoast-seo-premium-wordpress\/ -->\n<title>Spr\u00e1va adries PROMAN \u2013 Udr\u017eujte v\u0161etky kontakty centralizovan\u00e9 a usporiadan\u00e9 - PROMAN Software GmbH - Software f\u00fcr Projektmanagement<\/title>\n<meta name=\"description\" content=\"Syst\u00e9m spr\u00e1vy adries PROMAN umo\u017e\u0148uje centralizovan\u00fa a \u0161trukt\u00farovan\u00fa spr\u00e1vu v\u0161etk\u00fdch kontaktov vo va\u0161om projekte. Efekt\u00edvna organiz\u00e1cia, jednoduch\u00e9 vyh\u013ead\u00e1vanie a priama integr\u00e1cia do va\u0161ich z\u00e1pisn\u00edc zo sch\u00f4dz\u00ed.\" \/>\n<meta name=\"robots\" content=\"index, follow, max-snippet:-1, max-image-preview:large, max-video-preview:-1\" \/>\n<link rel=\"canonical\" href=\"https:\/\/www.proman.at\/sk\/products\/proman-address-management-centralized-contact-management-for-your-projects\/\" \/>\n<meta property=\"og:locale\" content=\"sk_SK\" \/>\n<meta property=\"og:type\" content=\"article\" \/>\n<meta property=\"og:title\" content=\"Spr\u00e1va adries PROMAN \u2013 Udr\u017eujte v\u0161etky kontakty centralizovan\u00e9 a usporiadan\u00e9\" \/>\n<meta property=\"og:description\" content=\"Syst\u00e9m spr\u00e1vy adries PROMAN umo\u017e\u0148uje centralizovan\u00fa a \u0161trukt\u00farovan\u00fa spr\u00e1vu v\u0161etk\u00fdch kontaktov vo va\u0161om projekte. Efekt\u00edvna organiz\u00e1cia, jednoduch\u00e9 vyh\u013ead\u00e1vanie a priama integr\u00e1cia do va\u0161ich z\u00e1pisn\u00edc zo sch\u00f4dz\u00ed.\" \/>\n<meta property=\"og:url\" content=\"https:\/\/www.proman.at\/sk\/products\/proman-address-management-centralized-contact-management-for-your-projects\/\" \/>\n<meta property=\"og:site_name\" content=\"PROMAN Software GmbH - Software f\u00fcr Projektmanagement\" \/>\n<meta property=\"og:image\" content=\"https:\/\/www.proman.at\/wp-content\/uploads\/2017\/02\/Adressverwaltung_1_web.png\" \/>\n\t<meta property=\"og:image:width\" content=\"1188\" \/>\n\t<meta property=\"og:image:height\" content=\"593\" \/>\n\t<meta property=\"og:image:type\" content=\"image\/png\" \/>\n<meta name=\"twitter:card\" content=\"summary_large_image\" \/>\n<meta name=\"twitter:label1\" content=\"Predpokladan\u00fd \u010das \u010d\u00edtania\" \/>\n\t<meta name=\"twitter:data1\" content=\"1 min\u00fata\" \/>\n<script type=\"application\/ld+json\" class=\"yoast-schema-graph\">{\"@context\":\"https:\\\/\\\/schema.org\",\"@graph\":[{\"@type\":\"WebPage\",\"@id\":\"https:\\\/\\\/www.proman.at\\\/sk\\\/products\\\/proman-address-management-centralized-contact-management-for-your-projects\\\/\",\"url\":\"https:\\\/\\\/www.proman.at\\\/sk\\\/products\\\/proman-address-management-centralized-contact-management-for-your-projects\\\/\",\"name\":\"Spr\u00e1va adries PROMAN \u2013 Udr\u017eujte v\u0161etky kontakty centralizovan\u00e9 a usporiadan\u00e9 - PROMAN Software GmbH - Software f\u00fcr Projektmanagement\",\"isPartOf\":{\"@id\":\"https:\\\/\\\/www.proman.at\\\/sk\\\/#website\"},\"primaryImageOfPage\":{\"@id\":\"https:\\\/\\\/www.proman.at\\\/sk\\\/products\\\/proman-address-management-centralized-contact-management-for-your-projects\\\/#primaryimage\"},\"image\":{\"@id\":\"https:\\\/\\\/www.proman.at\\\/sk\\\/products\\\/proman-address-management-centralized-contact-management-for-your-projects\\\/#primaryimage\"},\"thumbnailUrl\":\"https:\\\/\\\/www.proman.at\\\/wp-content\\\/uploads\\\/2017\\\/02\\\/Adressverwaltung_1_web-300x150.png\",\"datePublished\":\"2017-02-01T14:06:13+00:00\",\"description\":\"Syst\u00e9m spr\u00e1vy adries PROMAN umo\u017e\u0148uje centralizovan\u00fa a \u0161trukt\u00farovan\u00fa spr\u00e1vu v\u0161etk\u00fdch kontaktov vo va\u0161om projekte. Efekt\u00edvna organiz\u00e1cia, jednoduch\u00e9 vyh\u013ead\u00e1vanie a priama integr\u00e1cia do va\u0161ich z\u00e1pisn\u00edc zo sch\u00f4dz\u00ed.\",\"breadcrumb\":{\"@id\":\"https:\\\/\\\/www.proman.at\\\/sk\\\/products\\\/proman-address-management-centralized-contact-management-for-your-projects\\\/#breadcrumb\"},\"inLanguage\":\"sk-SK\",\"potentialAction\":[{\"@type\":\"ReadAction\",\"target\":[\"https:\\\/\\\/www.proman.at\\\/sk\\\/products\\\/proman-address-management-centralized-contact-management-for-your-projects\\\/\"]}]},{\"@type\":\"ImageObject\",\"inLanguage\":\"sk-SK\",\"@id\":\"https:\\\/\\\/www.proman.at\\\/sk\\\/products\\\/proman-address-management-centralized-contact-management-for-your-projects\\\/#primaryimage\",\"url\":\"https:\\\/\\\/www.proman.at\\\/wp-content\\\/uploads\\\/2017\\\/02\\\/Adressverwaltung_1_web-300x150.png\",\"contentUrl\":\"https:\\\/\\\/www.proman.at\\\/wp-content\\\/uploads\\\/2017\\\/02\\\/Adressverwaltung_1_web-300x150.png\"},{\"@type\":\"BreadcrumbList\",\"@id\":\"https:\\\/\\\/www.proman.at\\\/sk\\\/products\\\/proman-address-management-centralized-contact-management-for-your-projects\\\/#breadcrumb\",\"itemListElement\":[{\"@type\":\"ListItem\",\"position\":1,\"name\":\"Home\",\"item\":\"https:\\\/\\\/www.proman.at\\\/sk\\\/\"},{\"@type\":\"ListItem\",\"position\":2,\"name\":\"Produkty\",\"item\":\"https:\\\/\\\/www.proman.at\\\/sk\\\/products\\\/\"},{\"@type\":\"ListItem\",\"position\":3,\"name\":\"Spr\u00e1va adries PROMAN \u2013 Udr\u017eujte v\u0161etky kontakty centralizovan\u00e9 a usporiadan\u00e9\"}]},{\"@type\":\"WebSite\",\"@id\":\"https:\\\/\\\/www.proman.at\\\/sk\\\/#website\",\"url\":\"https:\\\/\\\/www.proman.at\\\/sk\\\/\",\"name\":\"PROMAN Software GmbH - Software f\u00fcr Projektmanagement\",\"description\":\"\",\"publisher\":{\"@id\":\"https:\\\/\\\/www.proman.at\\\/sk\\\/#organization\"},\"potentialAction\":[{\"@type\":\"SearchAction\",\"target\":{\"@type\":\"EntryPoint\",\"urlTemplate\":\"https:\\\/\\\/www.proman.at\\\/sk\\\/?s={search_term_string}\"},\"query-input\":{\"@type\":\"PropertyValueSpecification\",\"valueRequired\":true,\"valueName\":\"search_term_string\"}}],\"inLanguage\":\"sk-SK\"},{\"@type\":\"Organization\",\"@id\":\"https:\\\/\\\/www.proman.at\\\/sk\\\/#organization\",\"name\":\"PROMAN Software GmbH - Software f\u00fcr Projektmanagement\",\"url\":\"https:\\\/\\\/www.proman.at\\\/sk\\\/\",\"logo\":{\"@type\":\"ImageObject\",\"inLanguage\":\"sk-SK\",\"@id\":\"https:\\\/\\\/www.proman.at\\\/sk\\\/#\\\/schema\\\/logo\\\/image\\\/\",\"url\":\"https:\\\/\\\/www.proman.at\\\/wp-content\\\/uploads\\\/2023\\\/02\\\/logo.png\",\"contentUrl\":\"https:\\\/\\\/www.proman.at\\\/wp-content\\\/uploads\\\/2023\\\/02\\\/logo.png\",\"width\":245,\"height\":226,\"caption\":\"PROMAN Software GmbH - Software f\u00fcr Projektmanagement\"},\"image\":{\"@id\":\"https:\\\/\\\/www.proman.at\\\/sk\\\/#\\\/schema\\\/logo\\\/image\\\/\"}}]}<\/script>\n<!-- \/ Yoast SEO Premium plugin. -->","yoast_head_json":{"title":"Spr\u00e1va adries PROMAN \u2013 Udr\u017eujte v\u0161etky kontakty centralizovan\u00e9 a usporiadan\u00e9 - PROMAN Software GmbH - Software f\u00fcr Projektmanagement","description":"Syst\u00e9m spr\u00e1vy adries PROMAN umo\u017e\u0148uje centralizovan\u00fa a \u0161trukt\u00farovan\u00fa spr\u00e1vu v\u0161etk\u00fdch kontaktov vo va\u0161om projekte. Efekt\u00edvna organiz\u00e1cia, jednoduch\u00e9 vyh\u013ead\u00e1vanie a priama integr\u00e1cia do va\u0161ich z\u00e1pisn\u00edc zo sch\u00f4dz\u00ed.","robots":{"index":"index","follow":"follow","max-snippet":"max-snippet:-1","max-image-preview":"max-image-preview:large","max-video-preview":"max-video-preview:-1"},"canonical":"https:\/\/www.proman.at\/sk\/products\/proman-address-management-centralized-contact-management-for-your-projects\/","og_locale":"sk_SK","og_type":"article","og_title":"Spr\u00e1va adries PROMAN \u2013 Udr\u017eujte v\u0161etky kontakty centralizovan\u00e9 a usporiadan\u00e9","og_description":"Syst\u00e9m spr\u00e1vy adries PROMAN umo\u017e\u0148uje centralizovan\u00fa a \u0161trukt\u00farovan\u00fa spr\u00e1vu v\u0161etk\u00fdch kontaktov vo va\u0161om projekte. Efekt\u00edvna organiz\u00e1cia, jednoduch\u00e9 vyh\u013ead\u00e1vanie a priama integr\u00e1cia do va\u0161ich z\u00e1pisn\u00edc zo sch\u00f4dz\u00ed.","og_url":"https:\/\/www.proman.at\/sk\/products\/proman-address-management-centralized-contact-management-for-your-projects\/","og_site_name":"PROMAN Software GmbH - Software f\u00fcr Projektmanagement","og_image":[{"width":1188,"height":593,"url":"https:\/\/www.proman.at\/wp-content\/uploads\/2017\/02\/Adressverwaltung_1_web.png","type":"image\/png"}],"twitter_card":"summary_large_image","twitter_misc":{"Predpokladan\u00fd \u010das \u010d\u00edtania":"1 min\u00fata"},"schema":{"@context":"https:\/\/schema.org","@graph":[{"@type":"WebPage","@id":"https:\/\/www.proman.at\/sk\/products\/proman-address-management-centralized-contact-management-for-your-projects\/","url":"https:\/\/www.proman.at\/sk\/products\/proman-address-management-centralized-contact-management-for-your-projects\/","name":"Spr\u00e1va adries PROMAN \u2013 Udr\u017eujte v\u0161etky kontakty centralizovan\u00e9 a usporiadan\u00e9 - PROMAN Software GmbH - Software f\u00fcr Projektmanagement","isPartOf":{"@id":"https:\/\/www.proman.at\/sk\/#website"},"primaryImageOfPage":{"@id":"https:\/\/www.proman.at\/sk\/products\/proman-address-management-centralized-contact-management-for-your-projects\/#primaryimage"},"image":{"@id":"https:\/\/www.proman.at\/sk\/products\/proman-address-management-centralized-contact-management-for-your-projects\/#primaryimage"},"thumbnailUrl":"https:\/\/www.proman.at\/wp-content\/uploads\/2017\/02\/Adressverwaltung_1_web-300x150.png","datePublished":"2017-02-01T14:06:13+00:00","description":"Syst\u00e9m spr\u00e1vy adries PROMAN umo\u017e\u0148uje centralizovan\u00fa a \u0161trukt\u00farovan\u00fa spr\u00e1vu v\u0161etk\u00fdch kontaktov vo va\u0161om projekte. Efekt\u00edvna organiz\u00e1cia, jednoduch\u00e9 vyh\u013ead\u00e1vanie a priama integr\u00e1cia do va\u0161ich z\u00e1pisn\u00edc zo sch\u00f4dz\u00ed.","breadcrumb":{"@id":"https:\/\/www.proman.at\/sk\/products\/proman-address-management-centralized-contact-management-for-your-projects\/#breadcrumb"},"inLanguage":"sk-SK","potentialAction":[{"@type":"ReadAction","target":["https:\/\/www.proman.at\/sk\/products\/proman-address-management-centralized-contact-management-for-your-projects\/"]}]},{"@type":"ImageObject","inLanguage":"sk-SK","@id":"https:\/\/www.proman.at\/sk\/products\/proman-address-management-centralized-contact-management-for-your-projects\/#primaryimage","url":"https:\/\/www.proman.at\/wp-content\/uploads\/2017\/02\/Adressverwaltung_1_web-300x150.png","contentUrl":"https:\/\/www.proman.at\/wp-content\/uploads\/2017\/02\/Adressverwaltung_1_web-300x150.png"},{"@type":"BreadcrumbList","@id":"https:\/\/www.proman.at\/sk\/products\/proman-address-management-centralized-contact-management-for-your-projects\/#breadcrumb","itemListElement":[{"@type":"ListItem","position":1,"name":"Home","item":"https:\/\/www.proman.at\/sk\/"},{"@type":"ListItem","position":2,"name":"Produkty","item":"https:\/\/www.proman.at\/sk\/products\/"},{"@type":"ListItem","position":3,"name":"Spr\u00e1va adries PROMAN \u2013 Udr\u017eujte v\u0161etky kontakty centralizovan\u00e9 a usporiadan\u00e9"}]},{"@type":"WebSite","@id":"https:\/\/www.proman.at\/sk\/#website","url":"https:\/\/www.proman.at\/sk\/","name":"PROMAN Software GmbH - Software f\u00fcr Projektmanagement","description":"","publisher":{"@id":"https:\/\/www.proman.at\/sk\/#organization"},"potentialAction":[{"@type":"SearchAction","target":{"@type":"EntryPoint","urlTemplate":"https:\/\/www.proman.at\/sk\/?s={search_term_string}"},"query-input":{"@type":"PropertyValueSpecification","valueRequired":true,"valueName":"search_term_string"}}],"inLanguage":"sk-SK"},{"@type":"Organization","@id":"https:\/\/www.proman.at\/sk\/#organization","name":"PROMAN Software GmbH - Software f\u00fcr Projektmanagement","url":"https:\/\/www.proman.at\/sk\/","logo":{"@type":"ImageObject","inLanguage":"sk-SK","@id":"https:\/\/www.proman.at\/sk\/#\/schema\/logo\/image\/","url":"https:\/\/www.proman.at\/wp-content\/uploads\/2023\/02\/logo.png","contentUrl":"https:\/\/www.proman.at\/wp-content\/uploads\/2023\/02\/logo.png","width":245,"height":226,"caption":"PROMAN Software GmbH - Software f\u00fcr Projektmanagement"},"image":{"@id":"https:\/\/www.proman.at\/sk\/#\/schema\/logo\/image\/"}}]}},"_links":{"self":[{"href":"https:\/\/www.proman.at\/sk\/wp-json\/wp\/v2\/pages\/27720","targetHints":{"allow":["GET"]}}],"collection":[{"href":"https:\/\/www.proman.at\/sk\/wp-json\/wp\/v2\/pages"}],"about":[{"href":"https:\/\/www.proman.at\/sk\/wp-json\/wp\/v2\/types\/page"}],"author":[{"embeddable":true,"href":"https:\/\/www.proman.at\/sk\/wp-json\/wp\/v2\/users\/2"}],"replies":[{"embeddable":true,"href":"https:\/\/www.proman.at\/sk\/wp-json\/wp\/v2\/comments?post=27720"}],"version-history":[{"count":0,"href":"https:\/\/www.proman.at\/sk\/wp-json\/wp\/v2\/pages\/27720\/revisions"}],"up":[{"embeddable":true,"href":"https:\/\/www.proman.at\/sk\/wp-json\/wp\/v2\/pages\/27594"}],"wp:attachment":[{"href":"https:\/\/www.proman.at\/sk\/wp-json\/wp\/v2\/media?parent=27720"}],"curies":[{"name":"wp","href":"https:\/\/api.w.org\/{rel}","templated":true}]}}