{"id":27735,"date":"2018-05-20T17:00:40","date_gmt":"2018-05-20T15:00:40","guid":{"rendered":"https:\/\/www.proman.at\/datenschutzerklarung\/"},"modified":"2018-05-20T17:00:40","modified_gmt":"2018-05-20T15:00:40","slug":"datenschutzerklarung","status":"publish","type":"page","link":"https:\/\/www.proman.at\/cs\/datenschutzerklarung\/","title":{"rendered":"Z\u00e1sady ochrany osobn\u00edch \u00fadaj\u016f"},"content":{"rendered":"<p><strong>Z\u00e1sady ochrany osobn\u00edch \u00fadaj\u016f<\/strong><\/p>\n<p><strong>Kontaktn\u00ed \u00fadaje spole\u010dnosti<\/strong><\/p>\n<p>PROMAN Software GmbH<br \/>\nEuropaplatz 2\/1\/2<br \/>\nAT-1150 Wien<br \/>\nTelefon: +43 1 478 05 67<br \/>\nE-mail: office@proman.at<\/p>\n<p><strong>Kontaktn\u00ed \u00fadaje pov\u011b\u0159ence pro ochranu osobn\u00edch \u00fadaj\u016f<\/strong><\/p>\n<p>DI Roland Pezzei<br \/>\nPROMAN Software GmbH<br \/>\nEuropaplatz 2\/1\/2<br \/>\nAT-1150 Wien<br \/>\nTelefon: +43 1 478 05 67<br \/>\nE-mail: office@proman.at<\/p>\n<p>&nbsp;<\/p>\n<p>V\u00edt\u00e1me V\u00e1s na na\u0161ich webov\u00fdch str\u00e1nk\u00e1ch. Ochrana Va\u0161ich \u00fadaj\u016f je pro n\u00e1s velmi d\u016fle\u017eit\u00e1. Proto V\u00e1m v n\u00e1sleduj\u00edc\u00edm textu vysv\u011btl\u00edme, jak zpracov\u00e1v\u00e1me Va\u0161e osobn\u00ed \u00fadaje.<\/p>\n<p>&nbsp;<\/p>\n<p><strong>Kategorie \u00fadaj\u016f; zdroje \u00fadaj\u016f<\/strong><\/p>\n<p>Z\u00e1sadn\u011b zpracov\u00e1v\u00e1me osobn\u00ed \u00fadaje, kter\u00e9 n\u00e1m sd\u011bl\u00edte v r\u00e1mci popt\u00e1vky, p\u0159edsmluvn\u00edho pr\u00e1vn\u00edho vztahu nebo smluvn\u00edho vztahu. V jednotliv\u00fdch p\u0159\u00edpadech a v rozsahu, v jak\u00e9m je to nezbytn\u00e9 pro spln\u011bn\u00ed smlouvy, zpracov\u00e1v\u00e1me rovn\u011b\u017e osobn\u00ed \u00fadaje, kter\u00e9 jsme p\u0159\u00edpustn\u00fdm zp\u016fsobem z\u00edskali z ve\u0159ejn\u011b dostupn\u00fdch zdroj\u016f (nap\u0159. obchodn\u00ed rejst\u0159\u00edk, seznamy dlu\u017en\u00edk\u016f, internet) nebo kter\u00e9 n\u00e1m byly p\u0159\u00edpustn\u00fdm zp\u016fsobem p\u0159ed\u00e1ny t\u0159et\u00edmi stranami (nap\u0159. \u00fav\u011brov\u00fdmi registry).<\/p>\n<p>M\u016f\u017ee se jednat o osobn\u00ed \u00fadaje (jm\u00e9no, datum narozen\u00ed, z\u00e1konn\u00ed z\u00e1stupci), adresn\u00ed \u00fadaje (adresa, e-mailov\u00e1 adresa, kontaktn\u00ed osoba), finan\u010dn\u00ed \u00fadaje (jm\u00e9no majitele \u00fa\u010dtu, IBAN, BIC), smluvn\u00ed \u00fadaje (doba trv\u00e1n\u00ed smlouvy, zakoupen\u00e9 slu\u017eby, storna), komunika\u010dn\u00ed \u00fadaje (korespondence, e-mailov\u00e1 komunikace), reklamn\u00ed \u00fadaje (reklamn\u00ed dopisy) a dal\u0161\u00ed srovnateln\u00e9 kategorie osobn\u00edch \u00fadaj\u016f.<\/p>\n<p>&nbsp;<\/p>\n<p><strong>Obecn\u00e9 zpracov\u00e1n\u00ed \u00fadaj\u016f n\u00e1v\u0161t\u011bvn\u00edk\u016f<\/strong><\/p>\n<p>Pou\u017e\u00edv\u00e1n\u00ed na\u0161ich webov\u00fdch str\u00e1nek je z\u00e1sadn\u011b mo\u017en\u00e9 bez uveden\u00ed osobn\u00edch \u00fadaj\u016f.<\/p>\n<p>Upozor\u0148ujeme v\u0161ak, \u017ee i v tomto p\u0159\u00edpad\u011b jsou shroma\u017e\u010fov\u00e1ny p\u0159\u00edstupov\u00e9 \u00fadaje a ukl\u00e1d\u00e1ny do soubor\u016f protokolu serveru (server log files). Jedn\u00e1 se zejm\u00e9na o n\u00e1sleduj\u00edc\u00ed \u00fadaje:<\/p>\n<ul>\n<li>typ prohl\u00ed\u017ee\u010de \/ verze prohl\u00ed\u017ee\u010de,<\/li>\n<li>opera\u010dn\u00ed syst\u00e9m,<\/li>\n<li>webov\u00e1 str\u00e1nka, ze kter\u00e9 n\u00e1s nav\u0161t\u011bvujete,<\/li>\n<li>datum a \u010das Va\u0161\u00ed n\u00e1v\u0161t\u011bvy,<\/li>\n<li>Va\u0161e IP adresa.<\/li>\n<\/ul>\n<p>Tyto informace vyhodnocujeme v\u00fdhradn\u011b v anonymizovan\u00e9 podob\u011b za \u00fa\u010delem odvr\u00e1cen\u00ed \u00fatok\u016f a zlep\u0161en\u00ed na\u0161\u00ed nab\u00eddky (zpracov\u00e1n\u00ed osobn\u00edch \u00fadaj\u016f v r\u00e1mci v\u00e1\u017een\u00ed z\u00e1jm\u016f podle \u010dl. 6 odst. 1 p\u00edsm. f) GDPR) a n\u00e1sledn\u011b je ma\u017eeme. \u00dadaje nejsme schopni p\u0159i\u0159adit k Va\u0161\u00ed osob\u011b a nejsou ani slu\u010dov\u00e1ny s jin\u00fdmi \u00fadaji.<\/p>\n<p>V p\u0159\u00edpad\u011b konkr\u00e9tn\u00edch indici\u00ed nasv\u011bd\u010duj\u00edc\u00edch protipr\u00e1vn\u00edmu u\u017e\u00edv\u00e1n\u00ed si v\u0161ak vyhrazujeme pr\u00e1vo tyto \u00fadaje n\u00e1sledn\u011b vyhodnotit.<\/p>\n<p>&nbsp;<\/p>\n<p><strong>Kontaktov\u00e1n\u00ed<\/strong><\/p>\n<p>Pokud n\u00e1s kontaktujete e-mailem nebo prost\u0159ednictv\u00edm nab\u00edzen\u00e9ho formul\u00e1\u0159e, zpracov\u00e1v\u00e1me osobn\u00ed \u00fadaje, kter\u00e9 jste n\u00e1m sd\u011blili, za \u00fa\u010delem zodpov\u011bzen\u00ed Va\u0161eho dotazu.<\/p>\n<p>&nbsp;<\/p>\n<p><strong>Zpracov\u00e1n\u00ed osobn\u00edch \u00fadaj\u016f na z\u00e1klad\u011b souhlasu (\u010dl. 6 odst. 1 v\u011bta 1 p\u00edsm. a) GDPR)<\/strong><\/p>\n<p>V jednotliv\u00fdch p\u0159\u00edpadech od V\u00e1s vy\u017eadujeme souhlas pro konkr\u00e9tn\u00ed, v souvislosti se sb\u011brem \u00fadaj\u016f v\u00fdslovn\u011b uveden\u00e9 \u00fa\u010dely (nap\u0159. dotaz prost\u0159ednictv\u00edm kontaktn\u00edho formul\u00e1\u0159e, z\u0159\u00edzen\u00ed klientsk\u00e9ho \u00fa\u010dtu, objedn\u00e1n\u00ed newsletteru).<\/p>\n<p>Ke zpracov\u00e1n\u00ed \u00fadaj\u016f doch\u00e1z\u00ed pouze tehdy, pokud n\u00e1m ud\u011bl\u00edte souhlas. Je mo\u017en\u00e9, \u017ee vy\u0159\u00edzen\u00ed Va\u0161eho po\u017eadavku nen\u00ed bez Va\u0161eho souhlasu mo\u017en\u00e9, a je proto na n\u011bm z\u00e1visl\u00e9. Zpracov\u00e1n\u00ed \u00fadaj\u016f prob\u00edh\u00e1 v\u00fdhradn\u011b za v\u00fdslovn\u011b uveden\u00fdm \u00fa\u010delem, resp. \u00fa\u010dely.<\/p>\n<p>Ud\u011blen\u00e9 souhlasy m\u016f\u017eete kdykoli s \u00fa\u010dinnost\u00ed do budoucna odvolat. Odvol\u00e1n\u00ed nem\u00e1 vliv na z\u00e1konnost zpracov\u00e1n\u00ed proveden\u00e9ho do okam\u017eiku odvol\u00e1n\u00ed.<\/p>\n<p>&nbsp;<\/p>\n<p><strong>Kontaktn\u00ed formul\u00e1\u0159<\/strong><\/p>\n<p>Pokud n\u00e1m za\u0161lete dotaz prost\u0159ednictv\u00edm na\u0161eho kontaktn\u00edho formul\u00e1\u0159e, zpracov\u00e1v\u00e1me V\u00e1mi uveden\u00e9 \u00fadaje na z\u00e1klad\u011b Va\u0161eho souhlasu podle \u010dl. 6 odst. 1 v\u011bty 1 p\u00edsm. a) GDPR za \u00fa\u010delem vy\u0159\u00edzen\u00ed Va\u0161eho dotazu. Pokud n\u00e1m sd\u011bl\u00edte informace relevantn\u00ed pro smluvn\u00ed vztah, p\u0159eneseme je do na\u0161eho syst\u00e9mu spr\u00e1vy z\u00e1kazn\u00edk\u016f.<\/p>\n<p>Sv\u016fj souhlas m\u016f\u017eete kdykoli s \u00fa\u010dinnost\u00ed do budoucna odvolat prost\u0159ednictv\u00edm kter\u00fdchkoli z uveden\u00fdch kontaktn\u00edch \u00fadaj\u016f.<\/p>\n<p>&nbsp;<\/p>\n<p><strong>Newsletter<\/strong><\/p>\n<p>Pokud jste se p\u0159ihl\u00e1sili k odb\u011bru na\u0161eho newsletteru, zpracov\u00e1v\u00e1me V\u00e1mi uveden\u00e9 \u00fadaje na z\u00e1klad\u011b Va\u0161eho souhlasu podle \u010dl. 6 odst. 1 v\u011bty 1 p\u00edsm. a) GDPR za \u00fa\u010delem pravideln\u00e9ho zas\u00edl\u00e1n\u00ed na\u0161eho newsletteru. K p\u0159ihl\u00e1\u0161en\u00ed posta\u010d\u00ed uveden\u00ed e-mailov\u00e9 adresy. Dal\u0161\u00ed \u00fadaje se uv\u00e1d\u00ed dobrovoln\u011b.<\/p>\n<p>Sv\u016fj souhlas m\u016f\u017eete kdykoli s \u00fa\u010dinnost\u00ed do budoucna odvolat. Odkaz na odvol\u00e1n\u00ed souhlasu se nach\u00e1z\u00ed na konci ka\u017ed\u00e9ho e-mailu s newsletterem. Sv\u016fj souhlas samoz\u0159ejm\u011b m\u016f\u017eete odvolat i prost\u0159ednictv\u00edm jin\u00fdch nab\u00edzen\u00fdch mo\u017enost\u00ed kontaktu.<\/p>\n<p><strong>Zpracov\u00e1n\u00ed osobn\u00edch \u00fadaj\u016f za \u00fa\u010delem pln\u011bn\u00ed smlouvy (\u010dl. 6 odst. 1 p\u00edsm. b) GDPR)<\/strong><\/p>\n<p>Pokud s n\u00e1mi dojde k uzav\u0159en\u00ed smlouvy, pou\u017e\u00edv\u00e1me osobn\u00ed \u00fadaje v rozsahu, v jak\u00e9m je to nezbytn\u00e9 pro pln\u011bn\u00ed smlouvy, resp. pro proveden\u00ed p\u0159edsmluvn\u00edch opat\u0159en\u00ed. \u00da\u010dely zpracov\u00e1n\u00ed \u00fadaj\u016f se \u0159\u00edd\u00ed konkr\u00e9tn\u00edm obsahem smlouvy, kter\u00fd m\u016f\u017eete zjistit ze smluvn\u00ed dokumentace.<\/p>\n<p>&nbsp;<\/p>\n<p><strong>Pou\u017e\u00edv\u00e1n\u00ed na\u0161eho internetov\u00e9ho obchodu<\/strong><\/p>\n<p>P\u0159i objedn\u00e1vce v na\u0161em internetov\u00e9m obchod\u011b pot\u0159ebujeme pro uzav\u0159en\u00ed smlouvy osobn\u00ed \u00fadaje nezbytn\u00e9 pro zpracov\u00e1n\u00ed objedn\u00e1vky. \u00dadaje, kter\u00e9 bezpodm\u00edne\u010dn\u011b pot\u0159ebujeme pro zpracov\u00e1n\u00ed objedn\u00e1vky, jsou zvl\u00e1\u0161\u0165 ozna\u010deny, v\u0161echny dal\u0161\u00ed \u00fadaje se uv\u00e1d\u011bj\u00ed dobrovoln\u011b. Pr\u00e1vn\u00edm z\u00e1kladem pro zpracov\u00e1n\u00ed \u00fadaj\u016f je \u010dl. 6 odst. 1 v\u011bta 1 p\u00edsm. b) GDPR.<\/p>\n<p>&nbsp;<\/p>\n<p><strong>Zpracov\u00e1n\u00ed osobn\u00edch \u00fadaj\u016f v r\u00e1mci v\u00e1\u017een\u00ed z\u00e1jm\u016f (\u010dl. 6 odst. 1 p\u00edsm. f) GDPR)<\/strong><\/p>\n<p>Osobn\u00ed \u00fadaje zpracov\u00e1v\u00e1me na z\u00e1klad\u011b v\u00e1\u017een\u00ed z\u00e1jm\u016f, pokud je to nezbytn\u00e9 k ochran\u011b na\u0161ich z\u00e1jm\u016f nebo z\u00e1jm\u016f t\u0159et\u00edch osob.<\/p>\n<p>P\u0159\u00edklady takov\u00fdch \u00fa\u010del\u016f jsou:<\/p>\n<ul>\n<li>zaji\u0161t\u011bn\u00ed bezpe\u010dnosti IT a integrity na\u0161ich syst\u00e9m\u016f,<\/li>\n<li>p\u0159edch\u00e1zen\u00ed nebo objas\u0148ov\u00e1n\u00ed trestn\u00fdch \u010din\u016f,<\/li>\n<li>uplat\u0148ov\u00e1n\u00ed, resp. obrana pr\u00e1vn\u00edch n\u00e1rok\u016f.<\/li>\n<\/ul>\n<p>&nbsp;<\/p>\n<p><strong>Pou\u017e\u00edv\u00e1n\u00ed cookies<\/strong><\/p>\n<p>B\u011bhem Va\u0161\u00ed n\u00e1v\u0161t\u011bvy na\u0161ich webov\u00fdch str\u00e1nek mohou b\u00fdt na r\u016fzn\u00fdch str\u00e1nk\u00e1ch pou\u017e\u00edv\u00e1ny cookies. Jedn\u00e1 se o textov\u00e9 soubory, kter\u00e9 se um\u00eds\u0165uj\u00ed do Va\u0161eho po\u010d\u00edta\u010de a mimo jin\u00e9 umo\u017e\u0148uj\u00ed bezprobl\u00e9mov\u00fd pr\u016fb\u011bh n\u00e1v\u0161t\u011bvy na\u0161ich webov\u00fdch str\u00e1nek.<\/p>\n<p>Cookies pou\u017e\u00edv\u00e1me na z\u00e1klad\u011b \u010dl. 6 odst. 1 v\u011bty 1 p\u00edsm. f) GDPR, p\u0159i\u010dem\u017e t\u00edm sledujeme n\u00e1sleduj\u00edc\u00ed opr\u00e1vn\u011bn\u00e9 z\u00e1jmy:<\/p>\n<ul>\n<li>umo\u017en\u011bn\u00ed vyu\u017e\u00edv\u00e1n\u00ed speci\u00e1ln\u00edch funkc\u00ed,<\/li>\n<li>(pseudonymizovan\u00e1) anal\u00fdza u\u017eivatelsk\u00e9ho chov\u00e1n\u00ed za \u00fa\u010delem optimalizace na\u0161ich webov\u00fdch str\u00e1nek,<\/li>\n<li>zv\u00fd\u0161en\u00ed atraktivity a u\u017eivatelsk\u00e9ho komfortu na\u0161ich webov\u00fdch str\u00e1nek,<\/li>\n<li>zlep\u0161en\u00ed a \u00faprava na\u0161\u00ed nab\u00eddky podle pot\u0159eb u\u017eivatel\u016f.<\/li>\n<\/ul>\n<p>Cookies se pou\u017e\u00edvaj\u00ed v r\u00e1mci tzv. u\u017eivatelsk\u00fdch profil\u016f. Je V\u00e1m p\u0159itom p\u0159id\u011bleno pseudonym, pod kter\u00fdm se ukl\u00e1daj\u00ed \u00fadaje o u\u017e\u00edv\u00e1n\u00ed. Va\u0161e IP adresa se ukl\u00e1d\u00e1 v\u00fdhradn\u011b ve zkr\u00e1cen\u00e9 form\u011b, tak\u017ee osobn\u00ed p\u0159i\u0159azen\u00ed u\u017eivatelsk\u00e9ho profilu ji\u017e nen\u00ed mo\u017en\u00e9.<\/p>\n<p>V\u011bt\u0161ina n\u00e1mi pou\u017e\u00edvan\u00fdch cookies se po zav\u0159en\u00ed prohl\u00ed\u017ee\u010de z Va\u0161eho po\u010d\u00edta\u010de op\u011bt vyma\u017ee (rela\u010dn\u00ed cookies). Jin\u00e9 typy cookies mohou z\u016fstat na Va\u0161em po\u010d\u00edta\u010di a umo\u017e\u0148uj\u00ed n\u00e1m rozpoznat V\u00e1\u0161 po\u010d\u00edta\u010d prost\u0159ednictv\u00edm vytvo\u0159en\u00e9ho u\u017eivatelsk\u00e9ho profilu p\u0159i Va\u0161\u00ed dal\u0161\u00ed n\u00e1v\u0161t\u011bv\u011b na\u0161\u00ed str\u00e1nky (trval\u00e9 cookies).<\/p>\n<p>Cookies na na\u0161\u00ed str\u00e1nce pou\u017e\u00edv\u00e1me v\u00fdhradn\u011b my sami, nikoli t\u0159et\u00ed strany, s v\u00fdjimkou cookies t\u0159et\u00edch stran, kter\u00e9 jsou v t\u011bchto z\u00e1sad\u00e1ch ochrany osobn\u00edch \u00fadaj\u016f v\u00fdslovn\u011b uvedeny. Sv\u016fj prohl\u00ed\u017ee\u010d m\u016f\u017eete nastavit tak, abyste byli o ukl\u00e1d\u00e1n\u00ed cookies informov\u00e1ni a mohli jednotliv\u011b rozhodovat o jejich p\u0159ijet\u00ed, nebo abyste p\u0159ijet\u00ed cookies v ur\u010dit\u00fdch p\u0159\u00edpadech nebo zcela vylou\u010dili. P\u0159i nep\u0159ijet\u00ed cookies m\u016f\u017ee b\u00fdt funk\u010dnost na\u0161ich webov\u00fdch str\u00e1nek omezena.<\/p>\n<p>[borlabs-cookie type=&#8220;btn-cookie-preference&#8220; title=&#8220;Upravit nastaven\u00ed cookies&#8220;\/]<\/p>\n<p><strong>Soci\u00e1ln\u00ed pluginy<\/strong><\/p>\n<p>Na na\u0161ich webov\u00fdch str\u00e1nk\u00e1ch jsou \u010d\u00e1ste\u010dn\u011b integrov\u00e1ny soci\u00e1ln\u00ed pluginy, kter\u00e9 jsou v\u0161ak z d\u016fvodu ochrany osobn\u00edch \u00fadaj\u016f standardn\u011b deaktivov\u00e1ny. Pokud u\u017eivatel nav\u0161t\u00edv\u00ed na\u0161i webovou str\u00e1nku, nejsou tedy z\u00e1sadn\u011b \u017e\u00e1dn\u00e9 \u00fadaje p\u0159en\u00e1\u0161eny do slu\u017eeb soci\u00e1ln\u00edch m\u00e9di\u00ed (nap\u0159. Facebook). Vytv\u00e1\u0159en\u00ed profil\u016f t\u0159et\u00edmi stranami je t\u00edm vylou\u010deno.<\/p>\n<p>U\u017eivatel\u00e9 maj\u00ed mo\u017enost aktivovat soci\u00e1ln\u00ed pluginy jedn\u00edm kliknut\u00edm a t\u00edm ud\u011blit sv\u016fj souhlas s komunikac\u00ed s p\u0159\u00edslu\u0161nou soci\u00e1ln\u00ed s\u00edt\u00ed. Po aktivaci soci\u00e1ln\u00edho pluginu se p\u0159en\u00e1\u0161ej\u00ed ur\u010dit\u00e9 \u00fadaje do p\u0159\u00edslu\u0161n\u00e9 soci\u00e1ln\u00ed s\u00edt\u011b, nap\u0159. IP adresa u\u017eivatele, informace o pou\u017eit\u00e9m prohl\u00ed\u017ee\u010di a opera\u010dn\u00edm syst\u00e9mu, nav\u0161t\u00edven\u00e1 webov\u00e1 str\u00e1nka a tak\u00e9 datum a \u010das. V r\u00e1mci t\u00e9to komunikace se rovn\u011b\u017e ze serveru poskytovatele soci\u00e1ln\u00edch m\u00e9di\u00ed na\u010d\u00edtaj\u00ed \u00fadaje na na\u0161i webovou str\u00e1nku.<\/p>\n<p>P\u0159\u00edslu\u0161n\u00fd poskytovatel soci\u00e1ln\u00edho pluginu z\u00edsk\u00e1v\u00e1 informace o tom, kter\u00e9 webov\u00e9 str\u00e1nky u\u017eivatel nav\u0161t\u011bvuje. K tomu m\u016f\u017ee p\u0159\u00edpadn\u011b doj\u00edt bez ohledu na to, zda je u\u017eivatel pr\u00e1v\u011b p\u0159ihl\u00e1\u0161en u poskytovatele soci\u00e1ln\u00edho pluginu (nap\u0159. Facebook) \u010di nikoli. Poskytovatel m\u016f\u017ee tyto \u00fadaje zpracov\u00e1vat i mimo Evropskou unii a p\u0159\u00edpadn\u011b je schopen vytv\u00e1\u0159et individualizovan\u00e9 u\u017eivatelsk\u00e9 profily. Nem\u00e1me \u017e\u00e1dn\u00fd vliv na druh, rozsah a \u00fa\u010del zpracov\u00e1n\u00ed \u00fadaj\u016f poskytovateli p\u0159\u00edslu\u0161n\u00fdch slu\u017eeb soci\u00e1ln\u00edch m\u00e9di\u00ed.<\/p>\n<h3>Pou\u017e\u00edv\u00e1n\u00ed Google Ads \/ Google Shopping<\/h3>\n<p>Na na\u0161ich webov\u00fdch str\u00e1nk\u00e1ch pou\u017e\u00edv\u00e1me slu\u017eby \u201eGoogle AdWords&#8220; a \u201eGoogle Shopping&#8220;. P\u0159i vyu\u017e\u00edv\u00e1n\u00ed t\u011bchto slu\u017eeb d\u00e1le pou\u017e\u00edv\u00e1me n\u00e1stroj \u201eConversion Tracking&#8220; od spole\u010dnosti Google. N\u00e1stroj \u201eConversion Tracking&#8220; je analytickou slu\u017ebou spole\u010dnosti Google Inc., 1600 Amphitheatre Parkway, Mountain View, CA 94043, USA (\u201eGoogle&#8220;). Pokud kliknete na textovou nebo obr\u00e1zkovou reklamu zobrazenou spole\u010dnost\u00ed Google, ulo\u017e\u00ed se ve Va\u0161em po\u010d\u00edta\u010di cookie pro sledov\u00e1n\u00ed konverz\u00ed. Tyto cookies maj\u00ed omezenou platnost a obsahuj\u00ed pouze anonymizovan\u00e9 \u00fadaje.<br \/>\nPokud nav\u0161t\u00edv\u00edte ur\u010dit\u00e9 str\u00e1nky na\u0161eho webu a cookie je st\u00e1le platn\u00fd, m\u016f\u017eeme rozpoznat, \u017ee jste klikli na reklamu a byli p\u0159esm\u011brov\u00e1ni na tuto str\u00e1nku. Je V\u00e1m p\u0159itom p\u0159id\u011blen cookie jedine\u010dn\u00fd pro na\u0161i webovou str\u00e1nku. Nen\u00ed tedy mo\u017en\u00e9, aby byly cookies sledov\u00e1ny prost\u0159ednictv\u00edm jin\u00fdch webov\u00fdch str\u00e1nek, kter\u00e9 rovn\u011b\u017e pou\u017e\u00edvaj\u00ed Google Ads nebo jin\u00e9 slu\u017eby Google.<br \/>\nInformace z\u00edskan\u00e9 prost\u0159ednictv\u00edm konverzn\u00edho cookie slou\u017e\u00ed \u010dist\u011b statistick\u00fdm \u00fa\u010del\u016fm za \u00fa\u010delem optimalizace na\u0161\u00ed nab\u00eddky pro V\u00e1s. Dozv\u00edd\u00e1me se tak celkov\u00fd po\u010det u\u017eivatel\u016f, kte\u0159\u00ed klikli na n\u011bkterou z na\u0161ich reklam a byli p\u0159esm\u011brov\u00e1ni na str\u00e1nku opat\u0159enou zna\u010dkou pro sledov\u00e1n\u00ed konverz\u00ed. Nez\u00edsk\u00e1v\u00e1me v\u0161ak \u017e\u00e1dn\u00e9 informace, kter\u00e9 by umo\u017enily osobn\u00ed identifikaci u\u017eivatel\u016f.<br \/>\nZpracov\u00e1n\u00ed prob\u00edh\u00e1 na z\u00e1klad\u011b \u010dl. 6 odst. 1 p\u00edsm. f) GDPR z d\u016fvodu opr\u00e1vn\u011bn\u00e9ho z\u00e1jmu na c\u00edlen\u00e9 reklam\u011b a anal\u00fdze \u00fa\u010dinku a efektivity t\u00e9to reklamy. M\u00e1te pr\u00e1vo z d\u016fvod\u016f vypl\u00fdvaj\u00edc\u00edch z Va\u0161\u00ed konkr\u00e9tn\u00ed situace kdykoli vzn\u00e9st n\u00e1mitku proti tomuto zpracov\u00e1n\u00ed osobn\u00edch \u00fadaj\u016f, kter\u00e9 se V\u00e1s t\u00fdkaj\u00ed.<br \/>\nUkl\u00e1d\u00e1n\u00ed cookies m\u016f\u017eete zabr\u00e1nit v\u00fdb\u011brem p\u0159\u00edslu\u0161n\u00fdch technick\u00fdch nastaven\u00ed Va\u0161eho softwaru prohl\u00ed\u017ee\u010de. Upozor\u0148ujeme v\u0161ak, \u017ee v takov\u00e9m p\u0159\u00edpad\u011b p\u0159\u00edpadn\u011b nebudete moci pln\u011b vyu\u017e\u00edvat v\u0161echny funkce t\u00e9to webov\u00e9 str\u00e1nky.<br \/>\nD\u00e1le m\u016f\u017eete v nastaven\u00edch reklam u Google deaktivovat pro V\u00e1s personalizovanou reklamu. N\u00e1vod k tomu naleznete na <a href=\"https:\/\/support.google.com\/ads\/answer\/2662922?hl=de\">https:\/\/support.google.com\/ads\/answer\/2662922?hl=de<\/a>.<br \/>\nKrom\u011b toho m\u016f\u017eete deaktivovat pou\u017e\u00edv\u00e1n\u00ed cookies poskytovatel\u016f t\u0159et\u00edch stran t\u00edm, \u017ee nav\u0161t\u00edv\u00edte deaktiva\u010dn\u00ed str\u00e1nku iniciativy Network Advertising Initiative na <a href=\"https:\/\/www.networkadvertising.org\/choices\/\">https:\/\/www.networkadvertising.org\/choices\/<\/a> a provedete tam uveden\u00e9 dal\u0161\u00ed informace k odhl\u00e1\u0161en\u00ed (opt-out).<br \/>\nDal\u0161\u00ed informace a z\u00e1sady ochrany osobn\u00edch \u00fadaj\u016f spole\u010dnosti Google naleznete na: <a href=\"https:\/\/policies.google.com\/privacy?gl=de\">https:\/\/policies.google.com\/privacy?gl=de<\/a>.<\/p>\n<h3 class=\"adsimple-111171430\" data-fontsize=\"24\" data-lineheight=\"36\">Z\u00e1sady ochrany osobn\u00edch \u00fadaj\u016f YouTube<\/h3>\n<p>Na t\u00e9to str\u00e1nce pou\u017e\u00edv\u00e1me videoslu\u017ebu YouTube spole\u010dnosti YouTube, LLC, 901 Cherry Ave., San Bruno, CA 94066, USA.<\/p>\n<p>Zobrazen\u00edm str\u00e1nek na\u0161eho webu, kter\u00e9 maj\u00ed integrov\u00e1na videa YouTube, jsou \u00fadaje p\u0159en\u00e1\u0161eny, ukl\u00e1d\u00e1ny a vyhodnocov\u00e1ny spole\u010dnost\u00ed YouTube.<br \/>\nPokud m\u00e1te \u00fa\u010det YouTube a jste p\u0159ihl\u00e1\u0161eni, jsou tyto \u00fadaje p\u0159i\u0159azeny k Va\u0161emu osobn\u00edmu \u00fa\u010dtu a \u00fadaj\u016fm v n\u011bm ulo\u017een\u00fdm.<\/p>\n<p>Jak\u00e9 \u00fadaje Google shroma\u017e\u010fuje a k \u010demu jsou tyto \u00fadaje pou\u017e\u00edv\u00e1ny, si m\u016f\u017eete p\u0159e\u010d\u00edst na <a class=\"adsimple-111171430 external\" href=\"https:\/\/www.google.com\/intl\/de\/policies\/privacy\/\" target=\"_blank\" rel=\"nofollow noopener noreferrer\">https:\/\/www.google.com\/intl\/de\/policies\/privacy\/<\/a>.<\/p>\n<p>Zdroj: Vytvo\u0159eno pomoc\u00ed gener\u00e1toru z\u00e1sad ochrany osobn\u00edch \u00fadaj\u016f od <a title=\"Datenschutz Generator von Content Marketing Agentur AdSimple.at\" href=\"https:\/\/www.adsimple.at\" target=\"_blank\" rel=\"follow noopener noreferrer\">Content Marketing AdSimple<\/a> ve spolupr\u00e1ci s <a class=\"external\" title=\"Zahnarztpraxis Ungarn in Mosonmagyar\u00f3v\u00e1r\" href=\"https:\/\/www.hd-dental.net\" target=\"_blank\" rel=\"follow noopener noreferrer\">hd-dental.net<\/a><\/p>\n<h3><strong>Pou\u017e\u00edv\u00e1n\u00ed Google reCAPTCHA<\/strong><\/h3>\n<p>Abychom mohli u zad\u00e1v\u00e1n\u00ed do na\u0161ich internetov\u00fdch formul\u00e1\u0159\u016f rozpoznat, zda se nejedn\u00e1 o zneu\u017e\u00edvaj\u00edc\u00ed automatizovan\u00e9 vstupy, pou\u017e\u00edv\u00e1me slu\u017ebu Google reCAPTCHA spole\u010dnosti Google Inc., 1600 Amphitheatre Parkway, Mountain View, CA 94043, USA (\u201eGoogle&#8220;). Nasazen\u00ed t\u00e9to slu\u017eby slou\u017e\u00ed k prosazen\u00ed opr\u00e1vn\u011bn\u00fdch z\u00e1jm\u016f podle \u010dl. 6 odst. 1 v\u011bty 1 p\u00edsm. f) GDPR. P\u0159itom se do spole\u010dnosti Google p\u0159en\u00e1\u0161ej\u00ed Va\u0161e referrer URL, Va\u0161e IP adresa, Va\u0161e chov\u00e1n\u00ed ve vztahu k zad\u00e1vac\u00ed masce a p\u0159\u00edpadn\u011b dal\u0161\u00ed \u00fadaje pot\u0159ebn\u00e9 pro tuto slu\u017ebu. Podrobn\u011bj\u0161\u00ed informace o zpracov\u00e1n\u00ed \u00fadaj\u016f spole\u010dnost\u00ed Google naleznete na <a href=\"https:\/\/www.google.com\/policies\/privacy\/\">https:\/\/www.google.com\/policies\/privacy\/<\/a><\/p>\n<p><strong>P\u0159ed\u00e1v\u00e1n\u00ed \u00fadaj\u016f<\/strong><\/p>\n<p>\u00dadaje p\u0159ed\u00e1v\u00e1me jin\u00fdm t\u0159et\u00edm stran\u00e1m, pokud a v rozsahu, v jak\u00e9m jsme na n\u011b p\u0159enesli pln\u011bn\u00ed ur\u010dit\u00fdch \u00fakol\u016f. K p\u0159ed\u00e1n\u00ed \u00fadaj\u016f doch\u00e1z\u00ed pouze v rozsahu nezbytn\u00e9m pro spln\u011bn\u00ed p\u0159enesen\u00fdch \u00fakol\u016f.<\/p>\n<p>Spolupracujeme s n\u00e1sleduj\u00edc\u00edmi spole\u010dnostmi:<\/p>\n<ul>\n<li>PROMAN Software GmbH,Europaplatz 2\/1\/2, 1150 V\u00edde\u0148, Rakousko (internetov\u00e1 agentura, poskytovatel),<\/li>\n<\/ul>\n<p>P\u0159ed\u00e1n\u00ed \u00fadaj\u016f prob\u00edh\u00e1 v\u017edy v r\u00e1mci smlouvy o zpracov\u00e1n\u00ed osobn\u00edch \u00fadaj\u016f, kter\u00e1 zaji\u0161\u0165uje dodr\u017eov\u00e1n\u00ed v\u0161ech po\u017eadavk\u016f na ochranu osobn\u00edch \u00fadaj\u016f.<\/p>\n<p>Ve zbytku k p\u0159ed\u00e1n\u00ed \u00fadaj\u016f doch\u00e1z\u00ed v\u00fdhradn\u011b v r\u00e1mci z\u00e1konem stanoven\u00fdch p\u0159\u00edpad\u016f, nap\u0159\u00edklad v p\u0159\u00edpad\u011b z\u00e1konn\u00e9 informa\u010dn\u00ed povinnosti v\u016f\u010di org\u00e1n\u016fm \u010dinn\u00fdm v trestn\u00edm \u0159\u00edzen\u00ed.<\/p>\n<p>\u00dadaje o n\u00e1v\u0161t\u011bvn\u00edc\u00edch analyzujeme s pomoc\u00ed extern\u00edho poskytovatele slu\u017eeb.<br \/>\nZa t\u00edmto \u00fa\u010delem p\u0159ed\u00e1v\u00e1me \u00fadaje z\u00edskan\u00e9 z vyu\u017e\u00edv\u00e1n\u00ed vyhled\u00e1v\u00e1n\u00ed IP adres spole\u010dnosti Pulserio AG, Schellenrainstrasse 13, 6210 Sursee, \u0160v\u00fdcarsko, https:\/\/leadrebel.io\/imprint.<\/p>\n<p>Kategoriemi dot\u010den\u00fdch osob jsou n\u00e1v\u0161t\u011bvn\u00edci webov\u00fdch str\u00e1nek a u\u017eivatel\u00e9 na\u0161ich webov\u00fdch slu\u017eeb.<\/p>\n<p>\u00da\u010delem zpracov\u00e1n\u00ed je vyhodnocen\u00ed \u00fadaj\u016f z\u00edskan\u00fdch z vyhled\u00e1v\u00e1n\u00ed IP adres za \u00fa\u010delem generov\u00e1n\u00ed obchodn\u00edch kontakt\u016f (lead\u016f).<\/p>\n<p>Pokud jsou n\u00e1v\u0161t\u011bvn\u00edci na\u0161\u00ed str\u00e1nky po\u017e\u00e1d\u00e1ni o souhlas, je pr\u00e1vn\u00edm z\u00e1kladem pro zpracov\u00e1n\u00ed \u00fadaj\u016f souhlas ve smyslu \u010dl. 6 odst. 1 p\u00edsm. a) GDPR. Jinak jsou \u00fadaje zpracov\u00e1v\u00e1ny na z\u00e1klad\u011b na\u0161eho opr\u00e1vn\u011bn\u00e9ho z\u00e1jmu ve smyslu \u010dl. 6 odst. 1 p\u00edsm. f) GDPR. N\u00e1\u0161 opr\u00e1vn\u011bn\u00fd z\u00e1jem spo\u010d\u00edv\u00e1 v generov\u00e1n\u00ed obchodn\u00edch kontakt\u016f prost\u0159ednictv\u00edm anal\u00fdzy \u00fadaj\u016f z\u00edskan\u00fdch d\u00edky vyhled\u00e1v\u00e1n\u00ed IP adres.<\/p>\n<p>Na t\u00e9to str\u00e1nce: https:\/\/leadrebel.io\/optout m\u00e1te mo\u017enost odhl\u00e1\u0161en\u00ed (opt-out). V p\u0159\u00edpad\u011b odhl\u00e1\u0161en\u00ed ji\u017e nebudou Va\u0161e \u00fadaje spole\u010dnost\u00ed LeadRebel shroma\u017e\u010fov\u00e1ny.<\/p>\n<p><strong>Doba ulo\u017een\u00ed \u00fadaj\u016f<\/strong><\/p>\n<p>Va\u0161e osobn\u00ed \u00fadaje neprodlen\u011b ma\u017eeme, jakmile ji\u017e nejsou pot\u0159ebn\u00e9 pro spln\u011bn\u00ed smluvn\u00edch a z\u00e1konn\u00fdch povinnost\u00ed.<\/p>\n<p>Osobn\u00ed \u00fadaje se uchov\u00e1vaj\u00ed alespo\u0148 po dobu nezbytnou pro spln\u011bn\u00ed smluvn\u00edch povinnost\u00ed a uplatn\u011bn\u00ed smluvn\u00edch pr\u00e1v. Tato doba m\u016f\u017ee p\u0159esahovat samotnou dobu trv\u00e1n\u00ed smlouvy, nebo\u0165 \u00fadaje mohou b\u00fdt relevantn\u00ed i po skon\u010den\u00ed smlouvy v r\u00e1mci proml\u010dec\u00edch lh\u016ft. Vymaz\u00e1n\u00ed je nav\u00edc mo\u017en\u00e9 a\u017e po uplynut\u00ed p\u0159\u00edpadn\u00fdch da\u0148ov\u00fdch a obchodn\u011bpr\u00e1vn\u00edch lh\u016ft pro uchov\u00e1v\u00e1n\u00ed \u00fadaj\u016f.<\/p>\n<p>&nbsp;<\/p>\n<p><strong>Pr\u00e1va dot\u010den\u00fdch osob<\/strong><\/p>\n<p>Jako osoba dot\u010den\u00e1 zpracov\u00e1n\u00edm osobn\u00edch \u00fadaj\u016f m\u00e1te n\u00e1sleduj\u00edc\u00ed pr\u00e1va:<\/p>\n<p>M\u00e1te pr\u00e1vo po\u017eadovat potvrzen\u00ed, zda jsou zpracov\u00e1v\u00e1ny osobn\u00ed \u00fadaje. Pokud tomu tak je, m\u00e1te pr\u00e1vo na p\u0159\u00edstup k osobn\u00edm \u00fadaj\u016fm a na informace uveden\u00e9 podrobn\u011b v \u010dl. 15 GDPR.<\/p>\n<p>M\u00e1te pr\u00e1vo po\u017eadovat od spr\u00e1vce neprodlenou opravu nespr\u00e1vn\u00fdch osobn\u00edch \u00fadaj\u016f, kter\u00e9 se V\u00e1s t\u00fdkaj\u00ed, a p\u0159\u00edpadn\u011b dopln\u011bn\u00ed nekompletn\u00edch osobn\u00edch \u00fadaj\u016f (\u010dl. 16 GDPR).<\/p>\n<p>M\u00e1te pr\u00e1vo po\u017eadovat od spr\u00e1vce, aby osobn\u00ed \u00fadaje, kter\u00e9 se V\u00e1s t\u00fdkaj\u00ed, byly neprodlen\u011b vymaz\u00e1ny, pokud je spln\u011bn n\u011bkter\u00fd z d\u016fvod\u016f uveden\u00fdch podrobn\u011b v \u010dl. 17 GDPR, nap\u0159. pokud \u00fadaje ji\u017e nejsou pot\u0159ebn\u00e9 pro sledovan\u00e9 \u00fa\u010dely (pr\u00e1vo na v\u00fdmaz).<\/p>\n<p>M\u00e1te pr\u00e1vo po\u017eadovat od spr\u00e1vce omezen\u00ed zpracov\u00e1n\u00ed, pokud je spln\u011bn n\u011bkter\u00fd z p\u0159edpoklad\u016f uveden\u00fdch v \u010dl. 18 GDPR, nap\u0159. pokud jste vznesli n\u00e1mitku proti zpracov\u00e1n\u00ed, a to na dobu, po kterou prob\u00edh\u00e1 ov\u011b\u0159ov\u00e1n\u00ed ze strany spr\u00e1vce.<\/p>\n<p>M\u00e1te pr\u00e1vo z d\u016fvod\u016f vypl\u00fdvaj\u00edc\u00edch z Va\u0161\u00ed konkr\u00e9tn\u00ed situace kdykoli vzn\u00e9st n\u00e1mitku proti zpracov\u00e1n\u00ed osobn\u00edch \u00fadaj\u016f, kter\u00e9 se V\u00e1s t\u00fdkaj\u00ed. Spr\u00e1vce pak ji\u017e osobn\u00ed \u00fadaje nezpracov\u00e1v\u00e1, leda\u017ee prok\u00e1\u017ee z\u00e1va\u017en\u00e9 opr\u00e1vn\u011bn\u00e9 d\u016fvody pro zpracov\u00e1n\u00ed, kter\u00e9 p\u0159eva\u017euj\u00ed nad Va\u0161imi z\u00e1jmy, pr\u00e1vy a svobodami, nebo pokud zpracov\u00e1n\u00ed slou\u017e\u00ed k uplatn\u011bn\u00ed, v\u00fdkonu nebo obhajob\u011b pr\u00e1vn\u00edch n\u00e1rok\u016f (\u010dl. 21 GDPR).<\/p>\n<p>Ohledn\u011b uplatn\u011bn\u00ed sv\u00fdch pr\u00e1v n\u00e1s m\u016f\u017eete kdykoli kontaktovat prost\u0159ednictv\u00edm kontaktn\u00edch mo\u017enost\u00ed uveden\u00fdch na na\u0161ich webov\u00fdch str\u00e1nk\u00e1ch.<\/p>\n<p>&nbsp;<\/p>\n<p><strong>Pr\u00e1vo na n\u00e1mitku p\u0159i p\u0159\u00edm\u00e9m marketingu<\/strong><\/p>\n<p>V jednotliv\u00fdch p\u0159\u00edpadech zpracov\u00e1v\u00e1me osobn\u00ed \u00fadaje za \u00fa\u010delem p\u0159\u00edm\u00e9ho marketingu. V takov\u00e9m p\u0159\u00edpad\u011b m\u00e1te pr\u00e1vo kdykoli vzn\u00e9st n\u00e1mitku proti zpracov\u00e1n\u00ed osobn\u00edch \u00fadaj\u016f, kter\u00e9 se V\u00e1s t\u00fdkaj\u00ed, za \u00fa\u010delem takov\u00e9 reklamy (\u010dl. 21 GDPR).<\/p>\n<p>Pokud vznesete n\u00e1mitku proti zpracov\u00e1n\u00ed pro \u00fa\u010dely p\u0159\u00edm\u00e9ho marketingu, nebudou osobn\u00ed \u00fadaje pro tyto \u00fa\u010dely nad\u00e1le zpracov\u00e1v\u00e1ny.<\/p>\n<p>N\u00e1mitku lze kdykoli vzn\u00e9st bez zvl\u00e1\u0161tn\u00ed formy prost\u0159ednictv\u00edm kter\u00e9koli z kontaktn\u00edch mo\u017enost\u00ed uveden\u00fdch v t\u011bchto z\u00e1sad\u00e1ch ochrany osobn\u00edch \u00fadaj\u016f nebo v na\u0161em impresu.<\/p>\n<p>&nbsp;<\/p>\n<p><strong>Pr\u00e1vo na st\u00ed\u017enost<\/strong><\/p>\n<p>Ani\u017e je dot\u010den jin\u00fd spr\u00e1vn\u00ed nebo soudn\u00ed opravn\u00fd prost\u0159edek, m\u00e1te pr\u00e1vo podat st\u00ed\u017enost u dozorov\u00e9ho \u00fa\u0159adu, pokud se domn\u00edv\u00e1te, \u017ee zpracov\u00e1n\u00ed osobn\u00edch \u00fadaj\u016f, kter\u00e9 se V\u00e1s t\u00fdkaj\u00ed, poru\u0161uje GDPR (\u010dl. 77 GDPR). Toto pr\u00e1vo m\u016f\u017eete uplatnit u dozorov\u00e9ho \u00fa\u0159adu v \u010dlensk\u00e9m st\u00e1t\u011b sv\u00e9ho bydli\u0161t\u011b, m\u00edsta v\u00fdkonu pr\u00e1ce nebo m\u00edsta \u00fadajn\u00e9ho poru\u0161en\u00ed.<\/p>\n<p>Podrobn\u011bj\u0161\u00ed informace naleznete na n\u00e1sleduj\u00edc\u00edm odkazu:<\/p>\n<p><a href=\"https:\/\/www.dsb.gv.at\/\"><u>https:\/\/www.dsb.gv.at\/<\/u><\/a><\/p>\n<p>Samoz\u0159ejm\u011b se v\u0161ak m\u016f\u017eete obr\u00e1tit i p\u0159\u00edmo na n\u00e1s, pokud jste nespokojeni nebo m\u00e1te ot\u00e1zky t\u00fdkaj\u00edc\u00ed se ochrany osobn\u00edch \u00fadaj\u016f.<\/p>\n<p>&nbsp;<\/p>\n<p><strong>Povinnost poskytnout \u00fadaje<\/strong><\/p>\n<p>Ur\u010dit\u00e9 osobn\u00ed \u00fadaje jsou nezbytn\u00e9 pro realizaci smluvn\u00edho vztahu. Pokud n\u00e1m neposkytnete \u00fadaje ozna\u010den\u00e9 jako povinn\u00e9, nebude zpravidla mo\u017en\u00e9 uzav\u0159en\u00ed smlouvy.<\/p>\n","protected":false},"excerpt":{"rendered":"<p>Z\u00e1sady ochrany osobn\u00edch \u00fadaj\u016f Kontaktn\u00ed \u00fadaje spole\u010dnosti PROMAN Software GmbH Europaplatz 2\/1\/2 AT-1150 Wien Telefon: +43 1 478 05 67 E-mail: office@proman.at Kontaktn\u00ed \u00fadaje pov\u011b\u0159ence pro ochranu osobn\u00edch \u00fadaj\u016f DI Roland Pezzei PROMAN Software GmbH Europaplatz 2\/1\/2 AT-1150 Wien Telefon: +43 1 478 05 67 E-mail: office@proman.at &nbsp; V\u00edt\u00e1me V\u00e1s na na\u0161ich webov\u00fdch str\u00e1nk\u00e1ch. Ochrana<\/p>\n","protected":false},"author":1,"featured_media":0,"parent":0,"menu_order":0,"comment_status":"closed","ping_status":"closed","template":"","meta":{"_acf_changed":false,"footnotes":""},"class_list":["post-27735","page","type-page","status-publish","hentry"],"acf":[],"yoast_head":"<!-- This site is optimized with the Yoast SEO Premium plugin v28.3 (Yoast SEO v28.3) - https:\/\/yoast.com\/product\/yoast-seo-premium-wordpress\/ -->\n<title>Z\u00e1sady ochrany osobn\u00edch \u00fadaj\u016f - PROMAN Software GmbH - Software f\u00fcr Projektmanagement<\/title>\n<meta name=\"robots\" content=\"index, follow, max-snippet:-1, max-image-preview:large, max-video-preview:-1\" \/>\n<link rel=\"canonical\" href=\"https:\/\/www.proman.at\/cs\/datenschutzerklarung\/\" \/>\n<meta property=\"og:locale\" content=\"cs_CZ\" \/>\n<meta property=\"og:type\" content=\"article\" \/>\n<meta property=\"og:title\" content=\"Z\u00e1sady ochrany osobn\u00edch \u00fadaj\u016f\" \/>\n<meta property=\"og:description\" content=\"Z\u00e1sady ochrany osobn\u00edch \u00fadaj\u016f Kontaktn\u00ed \u00fadaje spole\u010dnosti PROMAN Software GmbH Europaplatz 2\/1\/2 AT-1150 Wien Telefon: +43 1 478 05 67 E-mail: office@proman.at Kontaktn\u00ed \u00fadaje pov\u011b\u0159ence pro ochranu osobn\u00edch \u00fadaj\u016f DI Roland Pezzei PROMAN Software GmbH Europaplatz 2\/1\/2 AT-1150 Wien Telefon: +43 1 478 05 67 E-mail: office@proman.at &nbsp; V\u00edt\u00e1me V\u00e1s na na\u0161ich webov\u00fdch str\u00e1nk\u00e1ch. Ochrana\" \/>\n<meta property=\"og:url\" content=\"https:\/\/www.proman.at\/cs\/datenschutzerklarung\/\" \/>\n<meta property=\"og:site_name\" content=\"PROMAN Software GmbH - Software f\u00fcr Projektmanagement\" \/>\n<meta name=\"twitter:card\" content=\"summary_large_image\" \/>\n<meta name=\"twitter:label1\" content=\"Odhadovan\u00e1 doba \u010dten\u00ed\" \/>\n\t<meta name=\"twitter:data1\" content=\"18 minut\" \/>\n<script type=\"application\/ld+json\" class=\"yoast-schema-graph\">{\"@context\":\"https:\\\/\\\/schema.org\",\"@graph\":[{\"@type\":\"WebPage\",\"@id\":\"https:\\\/\\\/www.proman.at\\\/cs\\\/datenschutzerklarung\\\/\",\"url\":\"https:\\\/\\\/www.proman.at\\\/cs\\\/datenschutzerklarung\\\/\",\"name\":\"Z\u00e1sady ochrany osobn\u00edch \u00fadaj\u016f - PROMAN Software GmbH - Software f\u00fcr Projektmanagement\",\"isPartOf\":{\"@id\":\"https:\\\/\\\/www.proman.at\\\/cs\\\/#website\"},\"datePublished\":\"2018-05-20T15:00:40+00:00\",\"breadcrumb\":{\"@id\":\"https:\\\/\\\/www.proman.at\\\/cs\\\/datenschutzerklarung\\\/#breadcrumb\"},\"inLanguage\":\"cs\",\"potentialAction\":[{\"@type\":\"ReadAction\",\"target\":[\"https:\\\/\\\/www.proman.at\\\/cs\\\/datenschutzerklarung\\\/\"]}]},{\"@type\":\"BreadcrumbList\",\"@id\":\"https:\\\/\\\/www.proman.at\\\/cs\\\/datenschutzerklarung\\\/#breadcrumb\",\"itemListElement\":[{\"@type\":\"ListItem\",\"position\":1,\"name\":\"Home\",\"item\":\"https:\\\/\\\/www.proman.at\\\/cs\\\/\"},{\"@type\":\"ListItem\",\"position\":2,\"name\":\"Z\u00e1sady ochrany osobn\u00edch \u00fadaj\u016f\"}]},{\"@type\":\"WebSite\",\"@id\":\"https:\\\/\\\/www.proman.at\\\/cs\\\/#website\",\"url\":\"https:\\\/\\\/www.proman.at\\\/cs\\\/\",\"name\":\"PROMAN Software GmbH - Software f\u00fcr Projektmanagement\",\"description\":\"\",\"publisher\":{\"@id\":\"https:\\\/\\\/www.proman.at\\\/cs\\\/#organization\"},\"potentialAction\":[{\"@type\":\"SearchAction\",\"target\":{\"@type\":\"EntryPoint\",\"urlTemplate\":\"https:\\\/\\\/www.proman.at\\\/cs\\\/?s={search_term_string}\"},\"query-input\":{\"@type\":\"PropertyValueSpecification\",\"valueRequired\":true,\"valueName\":\"search_term_string\"}}],\"inLanguage\":\"cs\"},{\"@type\":\"Organization\",\"@id\":\"https:\\\/\\\/www.proman.at\\\/cs\\\/#organization\",\"name\":\"PROMAN Software GmbH - Software f\u00fcr Projektmanagement\",\"url\":\"https:\\\/\\\/www.proman.at\\\/cs\\\/\",\"logo\":{\"@type\":\"ImageObject\",\"inLanguage\":\"cs\",\"@id\":\"https:\\\/\\\/www.proman.at\\\/cs\\\/#\\\/schema\\\/logo\\\/image\\\/\",\"url\":\"https:\\\/\\\/www.proman.at\\\/wp-content\\\/uploads\\\/2023\\\/02\\\/logo.png\",\"contentUrl\":\"https:\\\/\\\/www.proman.at\\\/wp-content\\\/uploads\\\/2023\\\/02\\\/logo.png\",\"width\":245,\"height\":226,\"caption\":\"PROMAN Software GmbH - Software f\u00fcr Projektmanagement\"},\"image\":{\"@id\":\"https:\\\/\\\/www.proman.at\\\/cs\\\/#\\\/schema\\\/logo\\\/image\\\/\"}}]}<\/script>\n<!-- \/ Yoast SEO Premium plugin. -->","yoast_head_json":{"title":"Z\u00e1sady ochrany osobn\u00edch \u00fadaj\u016f - PROMAN Software GmbH - Software f\u00fcr Projektmanagement","robots":{"index":"index","follow":"follow","max-snippet":"max-snippet:-1","max-image-preview":"max-image-preview:large","max-video-preview":"max-video-preview:-1"},"canonical":"https:\/\/www.proman.at\/cs\/datenschutzerklarung\/","og_locale":"cs_CZ","og_type":"article","og_title":"Z\u00e1sady ochrany osobn\u00edch \u00fadaj\u016f","og_description":"Z\u00e1sady ochrany osobn\u00edch \u00fadaj\u016f Kontaktn\u00ed \u00fadaje spole\u010dnosti PROMAN Software GmbH Europaplatz 2\/1\/2 AT-1150 Wien Telefon: +43 1 478 05 67 E-mail: office@proman.at Kontaktn\u00ed \u00fadaje pov\u011b\u0159ence pro ochranu osobn\u00edch \u00fadaj\u016f DI Roland Pezzei PROMAN Software GmbH Europaplatz 2\/1\/2 AT-1150 Wien Telefon: +43 1 478 05 67 E-mail: office@proman.at &nbsp; V\u00edt\u00e1me V\u00e1s na na\u0161ich webov\u00fdch str\u00e1nk\u00e1ch. Ochrana","og_url":"https:\/\/www.proman.at\/cs\/datenschutzerklarung\/","og_site_name":"PROMAN Software GmbH - Software f\u00fcr Projektmanagement","twitter_card":"summary_large_image","twitter_misc":{"Odhadovan\u00e1 doba \u010dten\u00ed":"18 minut"},"schema":{"@context":"https:\/\/schema.org","@graph":[{"@type":"WebPage","@id":"https:\/\/www.proman.at\/cs\/datenschutzerklarung\/","url":"https:\/\/www.proman.at\/cs\/datenschutzerklarung\/","name":"Z\u00e1sady ochrany osobn\u00edch \u00fadaj\u016f - PROMAN Software GmbH - Software f\u00fcr Projektmanagement","isPartOf":{"@id":"https:\/\/www.proman.at\/cs\/#website"},"datePublished":"2018-05-20T15:00:40+00:00","breadcrumb":{"@id":"https:\/\/www.proman.at\/cs\/datenschutzerklarung\/#breadcrumb"},"inLanguage":"cs","potentialAction":[{"@type":"ReadAction","target":["https:\/\/www.proman.at\/cs\/datenschutzerklarung\/"]}]},{"@type":"BreadcrumbList","@id":"https:\/\/www.proman.at\/cs\/datenschutzerklarung\/#breadcrumb","itemListElement":[{"@type":"ListItem","position":1,"name":"Home","item":"https:\/\/www.proman.at\/cs\/"},{"@type":"ListItem","position":2,"name":"Z\u00e1sady ochrany osobn\u00edch \u00fadaj\u016f"}]},{"@type":"WebSite","@id":"https:\/\/www.proman.at\/cs\/#website","url":"https:\/\/www.proman.at\/cs\/","name":"PROMAN Software GmbH - Software f\u00fcr Projektmanagement","description":"","publisher":{"@id":"https:\/\/www.proman.at\/cs\/#organization"},"potentialAction":[{"@type":"SearchAction","target":{"@type":"EntryPoint","urlTemplate":"https:\/\/www.proman.at\/cs\/?s={search_term_string}"},"query-input":{"@type":"PropertyValueSpecification","valueRequired":true,"valueName":"search_term_string"}}],"inLanguage":"cs"},{"@type":"Organization","@id":"https:\/\/www.proman.at\/cs\/#organization","name":"PROMAN Software GmbH - Software f\u00fcr Projektmanagement","url":"https:\/\/www.proman.at\/cs\/","logo":{"@type":"ImageObject","inLanguage":"cs","@id":"https:\/\/www.proman.at\/cs\/#\/schema\/logo\/image\/","url":"https:\/\/www.proman.at\/wp-content\/uploads\/2023\/02\/logo.png","contentUrl":"https:\/\/www.proman.at\/wp-content\/uploads\/2023\/02\/logo.png","width":245,"height":226,"caption":"PROMAN Software GmbH - Software f\u00fcr Projektmanagement"},"image":{"@id":"https:\/\/www.proman.at\/cs\/#\/schema\/logo\/image\/"}}]}},"_links":{"self":[{"href":"https:\/\/www.proman.at\/cs\/wp-json\/wp\/v2\/pages\/27735","targetHints":{"allow":["GET"]}}],"collection":[{"href":"https:\/\/www.proman.at\/cs\/wp-json\/wp\/v2\/pages"}],"about":[{"href":"https:\/\/www.proman.at\/cs\/wp-json\/wp\/v2\/types\/page"}],"author":[{"embeddable":true,"href":"https:\/\/www.proman.at\/cs\/wp-json\/wp\/v2\/users\/1"}],"replies":[{"embeddable":true,"href":"https:\/\/www.proman.at\/cs\/wp-json\/wp\/v2\/comments?post=27735"}],"version-history":[{"count":0,"href":"https:\/\/www.proman.at\/cs\/wp-json\/wp\/v2\/pages\/27735\/revisions"}],"wp:attachment":[{"href":"https:\/\/www.proman.at\/cs\/wp-json\/wp\/v2\/media?parent=27735"}],"curies":[{"name":"wp","href":"https:\/\/api.w.org\/{rel}","templated":true}]}}